
{"id":563,"date":"2019-01-03T11:38:28","date_gmt":"2019-01-03T11:38:28","guid":{"rendered":"https:\/\/myplan.fusio.dev\/privacy-policy\/"},"modified":"2022-04-29T09:47:00","modified_gmt":"2022-04-29T08:47:00","slug":"beartas-priobhaideachta","status":"publish","type":"page","link":"https:\/\/www.myplan.ie\/ga\/beartas-priobhaideachta\/","title":{"rendered":"R\u00e1iteas Pr\u00edobh\u00e1ideachais"},"content":{"rendered":"\n<h3 class=\"wp-block-heading\">Cosaint Sonra\u00ed<\/h3>\n\n\n\n<p>Faoin Rialach\u00e1n Ginear\u00e1lta maidir le Cosaint Sonra\u00ed, at\u00e1 i bhfeidhm \u00f3n 25 Bealtaine 2018, ceangla\u00edtear ar eagra\u00edochta\u00ed caighde\u00e1n an-ard a chomhl\u00edonadh maidir leis an d\u00f3igh a mbail\u00edonn, a n-\u00fas\u00e1ideann agus a gcosna\u00edonn siad sonra\u00ed pearsanta.<br><\/p>\n\n\n\n<h3 class=\"wp-block-heading\">Sonra\u00ed Pearsanta<\/h3>\n\n\n\n<p>Faisn\u00e9is is ea iadsonra\u00ed pearsanta lenar f\u00e9idir duine aonair a shainaithint. \u00c1ir\u00edtear leis sin ainm, uimhir aitheantais, sonra\u00ed su\u00edmh (mar shampla, sonra\u00ed su\u00edmh a bhail\u00edtear le f\u00f3n p\u00f3ca) n\u00f3 seoladh poist, stair bhrabhs\u00e1la ar l\u00edne, \u00edomh\u00e1nna n\u00f3 rud ar bith a bhaineann le haitheantas coirp, s\u00edceola\u00edoch, g\u00e9initeach, meabhrach, eacnama\u00edoch cult\u00fartha n\u00f3 s\u00f3isialta duine \u00e9igin.<br><\/p>\n\n\n\n<h3 class=\"wp-block-heading\">Pr\u00f3ise\u00e1il<\/h3>\n\n\n\n<p>Cialla\u00edonn Pr\u00f3ise\u00e1iloibr\u00edocht n\u00f3 sraith oibr\u00edochta\u00ed ar bith a fheidhm\u00edtear ar shonra\u00ed pearsanta. \u00c1ir\u00edtear ar phr\u00f3ise\u00e1il sonra\u00ed pearsanta a st\u00f3r\u00e1il, a bhaili\u00fa, a aisghabh\u00e1il, a \u00fas\u00e1id, a chomhcheangal, a ghlanadh n\u00f3 a scrios, agus d\u2019fh\u00e9adfadh oibr\u00edocht uathoibrithe n\u00f3 l\u00e1imhe bheith i gceist.<br><\/p>\n\n\n\n<h3 class=\"wp-block-heading\">Rialaitheoir Sonra\u00ed<\/h3>\n\n\n\n<p>Cialla\u00edonn rialaitheoir sonra\u00ed duine, cuideachta, n\u00f3 comhlacht eile a chinneann cusp\u00f3ir\u00ed agus modhanna phr\u00f3ise\u00e1il an sonra\u00ed pearsanta.<br><\/p>\n\n\n\n<p>Mar rialaitheoir sonra\u00ed, n\u00ed m\u00f3r don Roinn Cumars\u00e1ide, Plean\u00e1la agus Rialtais \u00c1iti\u00fail a chinnti\u00fa nuair a bheidh sonra\u00ed pearsanta \u00e1 bpr\u00f3ise\u00e1il aici go nd\u00e9anfaidh s\u00ed amhlaidh i gcomhr\u00e9ir leis na prionsabail um chosaint sonra\u00ed at\u00e1 leagtha amach sa Rialach\u00e1n Ginear\u00e1lta maidir le Cosaint Sonra\u00ed faoi mar a leanas:<\/p>\n\n\n\n<ol class=\"wp-block-list\"><li> iad a phr\u00f3ise\u00e1il go dleathach, go c\u00f3ir agus ar bhealach tr\u00e9dhearcach i nd\u00e1il le daoine aonair;<br><\/li><li> iad a bhaili\u00fa le haghaidh cusp\u00f3ir\u00ed sainithe, soil\u00e9ire agus dlisteanacha agus gan tuilleadh pr\u00f3ise\u00e1la dh\u00e9anamh orthu ar bhealach at\u00e1 neamhr\u00e9ireach leis na cusp\u00f3ir\u00ed sin; n\u00ed mheasfar go bhfuil tuilleadh pr\u00f3ise\u00e1la chun cr\u00edocha cartlannaithe ar mhaithe leis an bpobal, chun cr\u00edocha eola\u00edochta n\u00f3 stairi\u00fala n\u00f3 chun cr\u00edocha staidrimh neamhr\u00e9ireach leis na cusp\u00f3ir\u00ed tosaigh;<br><\/li><li> go mbeidh siad leordh\u00f3thanach, \u00e1bhartha agus teoranta don mh\u00e9id is g\u00e1 maidir leis na cr\u00edocha ar pr\u00f3ise\u00e1ladh iad ina leith;<br><\/li><li> go bhfuil siad cruinn agus, nuair is g\u00e1, coinnithe cothrom le d\u00e1ta; n\u00ed m\u00f3r gach beart r\u00e9as\u00fanta a dh\u00e9anamh lena chinnti\u00fa go nd\u00e9anfar sonra\u00ed pearsanta ar bith at\u00e1 m\u00edchruinn maidir leis na cr\u00edocha ar pr\u00f3ise\u00e1ladh iad ina leith, a ghlanadh n\u00f3 a cheart\u00fa gan aon mhoill;<br><\/li><li> gan iad a choinne\u00e1il i bhfoirm lenar f\u00e9idir \u00e1bhair shonra\u00ed a aithint ar feadh tr\u00e9imhse n\u00edos faide n\u00e1 mar is g\u00e1 ar mhaithe leis na cusp\u00f3ir\u00ed ar pr\u00f3ise\u00e1ladh na sonra\u00ed pearsanta ina leith; f\u00e9adfar sonra\u00ed pearsanta a st\u00f3r\u00e1il ar feadh tr\u00e9imhs\u00ed n\u00edos faide a mh\u00e9id is go nd\u00e9anfar na sonra\u00ed pearsanta a phr\u00f3ise\u00e1il chun cr\u00edocha cartlannaithe ar mhaithe leis an bpobal, chun cr\u00edocha stairi\u00fala n\u00f3 chun cr\u00edocha staidrimh agus chun na cr\u00edocha sin amh\u00e1in faoi r\u00e9ir chur chun feidhme na mbeart teicni\u00fail agus eagr\u00fach\u00e1in cu\u00ed mar a cheangla\u00edtear leis an Rialach\u00e1n Ginear\u00e1lta maidir le Cosaint Sonra\u00ed chun cearta agus saoirs\u00ed daoine aonair a chosaint.<br><\/li><li>iad a phr\u00f3ise\u00e1il ar bhealach lena gcinnt\u00edtear sl\u00e1nd\u00e1il chu\u00ed na sonra\u00ed pearsanta, lena n-\u00e1ir\u00edtear cosaint i gcoinne pr\u00f3ise\u00e1il neamh\u00fadaraithe n\u00f3 neamhdhleathach n\u00f3 i gcoinne caillteanais de thimpiste, scriosta n\u00f3 dam\u00e1iste, ag baint \u00fas\u00e1id as bearta teicni\u00fala n\u00f3 eagr\u00fach\u00e1in cu\u00ed.<\/li><\/ol>\n\n\n\n<h3 class=\"wp-block-heading\">R\u00e1iteas Priobh\u00e1ideachais<\/h3>\n\n\n\n<p>T\u00e1 an Roinn Tith\u00edochta, Plean\u00e1la, Pobail agus Rialtais \u00c1iti\u00fail tiomanta do do phr\u00edobh\u00e1ideachas a chosaint agus a urram\u00fa. Sa&nbsp;<a href=\"https:\/\/www.housing.gov.ie\/ga\/corparaideach\/comhlionadh\/cosaint-sonrai\/raiteas-priobhaideachais\">r\u00e1iteas pr\u00edobh\u00e1ideachais&nbsp;<\/a>seo m\u00edn\u00edtear an d\u00f3igh a bpr\u00f3ise\u00e1lann an Roinn na sonra\u00ed pearsanta a shol\u00e1thra\u00edtear di, agus cad iad na cearta is f\u00e9idir leat a fheidhmi\u00fa maidir le do shonra\u00ed pearsanta.<br><\/p>\n\n\n\n<h3 class=\"wp-block-heading\">Beartas um Chosaint Sonra\u00ed<\/h3>\n\n\n\n<p>Sa&nbsp;<a href=\"https:\/\/www.housing.gov.ie\/ga\/node\/8838\">Bheartas um Chosaint Sonra\u00ed ( i mB\u00e9arla amh\u00e1in)<\/a>&nbsp;leagtar amach tiomantas na Roinne do chearta agus do phr\u00edobh\u00e1ideachas daoine aonair a chosaint agus tugtar eolas ann faoin d\u00f3igh a gcinnteoimid go gcomhl\u00edonfar an Rialach\u00e1n Ginear\u00e1lta maidir le Cosaint Sonra\u00ed agus reachta\u00edocht na h\u00c9ireann maidir le cosaint sonra\u00ed.<br><\/p>\n\n\n\n<h3 class=\"wp-block-heading\">Iarratas ar Rochtain \u00c1bhair<\/h3>\n\n\n\n<p>T\u00e1 an ceart agat deimhni\u00fa a fh\u00e1il \u00f3n Roinn Tith\u00edochta, Plean\u00e1la agus Rialtais \u00c1iti\u00fail faoi cib\u00e9 an bhfuil do shonra\u00ed pearsanta \u00e1 bpr\u00f3ise\u00e1il n\u00f3 nach bhfuil. T\u00e1 an ceart agat freisin c\u00f3ip a fh\u00e1il de na sonra\u00ed pearsanta at\u00e1 \u00e1 bpr\u00f3ise\u00e1il, chomh maith le faisn\u00e9is \u00e1irithe faoin bpr\u00f3ise\u00e1il. <br><a href=\"https:\/\/www.housing.gov.ie\/ga\/corparaideach\/comhlionadh\/cosaint-sonrai\/conas-dfhaisneis-phearsanta-iarraidh\">Conas Iarratas ar Rochtain \u00c1bhair a dh\u00e9anamh\ufeff<\/a> <br><\/p>\n\n\n\n<h3 class=\"wp-block-heading\">Teagmh\u00e1il a Dh\u00e9anamh Linn<\/h3>\n\n\n\n<p>M\u00e1s mian leat tuilleadh eolais a fh\u00e1il, d\u00e9an teagmh\u00e1il le do thoil le hOifigeach Cosanta Sonra\u00ed na Roinne, sonra\u00ed th\u00edos:<br><\/p>\n\n\n\n<p> An tOifigeach Cosanta Sonra\u00ed,<br>An Roinn Tith\u00edochta, Plean\u00e1la agus Rialtais \u00c1iti\u00fail<br>B\u00f3thar an Bhaile Nua,<br>Loch Garman<br>R\u00edomhphost:&nbsp;<a href=\"mailto:data.protection@housing.gov.ie\">data.protection@housing.gov.ie<\/a><br>Teileaf\u00f3n: <a href=\"tel:+353 (0)53 9117450 \">+353 (0)53 9117450<\/a> <\/p>\n","protected":false},"excerpt":{"rendered":"<p>Cosaint Sonra\u00ed Faoin Rialach\u00e1n Ginear\u00e1lta maidir le Cosaint Sonra\u00ed, at\u00e1 i bhfeidhm \u00f3n 25 Bealtaine 2018, ceangla\u00edtear ar eagra\u00edochta\u00ed caighde\u00e1n an-ard a chomhl\u00edonadh maidir leis an d\u00f3igh a mbail\u00edonn, a n-\u00fas\u00e1ideann agus a gcosna\u00edonn siad sonra\u00ed pearsanta. Sonra\u00ed Pearsanta Faisn\u00e9is is ea iadsonra\u00ed pearsanta lenar f\u00e9idir duine aonair a shainaithint. \u00c1ir\u00edtear leis sin ainm, uimhir [&hellip;]<\/p>\n","protected":false},"author":7,"featured_media":0,"parent":0,"menu_order":0,"comment_status":"closed","ping_status":"closed","template":"","meta":{"_acf_changed":false,"footnotes":""},"class_list":["post-563","page","type-page","status-publish","hentry"],"acf":[],"yoast_head":"<!-- This site is optimized with the Yoast SEO plugin v27.5 - https:\/\/yoast.com\/product\/yoast-seo-wordpress\/ -->\n<title>R\u00e1iteas Pr\u00edobh\u00e1ideachais - My Plan<\/title>\n<meta name=\"robots\" content=\"index, follow, max-snippet:-1, max-image-preview:large, max-video-preview:-1\" \/>\n<link rel=\"canonical\" href=\"https:\/\/www.myplan.ie\/ga\/beartas-priobhaideachta\/\" \/>\n<meta name=\"twitter:label1\" content=\"Est. reading time\" \/>\n\t<meta name=\"twitter:data1\" content=\"4 minutes\" \/>\n<script type=\"application\/ld+json\" class=\"yoast-schema-graph\">{\"@context\":\"https:\\\/\\\/schema.org\",\"@graph\":[{\"@type\":\"WebPage\",\"@id\":\"https:\\\/\\\/www.myplan.ie\\\/ga\\\/beartas-priobhaideachta\\\/\",\"url\":\"https:\\\/\\\/www.myplan.ie\\\/ga\\\/beartas-priobhaideachta\\\/\",\"name\":\"R\u00e1iteas Pr\u00edobh\u00e1ideachais - My Plan\",\"isPartOf\":{\"@id\":\"https:\\\/\\\/www.myplan.ie\\\/#website\"},\"datePublished\":\"2019-01-03T11:38:28+00:00\",\"dateModified\":\"2022-04-29T08:47:00+00:00\",\"breadcrumb\":{\"@id\":\"https:\\\/\\\/www.myplan.ie\\\/ga\\\/beartas-priobhaideachta\\\/#breadcrumb\"},\"inLanguage\":\"ga-IE\",\"potentialAction\":[{\"@type\":\"ReadAction\",\"target\":[\"https:\\\/\\\/www.myplan.ie\\\/ga\\\/beartas-priobhaideachta\\\/\"]}]},{\"@type\":\"BreadcrumbList\",\"@id\":\"https:\\\/\\\/www.myplan.ie\\\/ga\\\/beartas-priobhaideachta\\\/#breadcrumb\",\"itemListElement\":[{\"@type\":\"ListItem\",\"position\":1,\"name\":\"Home\",\"item\":\"https:\\\/\\\/www.myplan.ie\\\/ga\\\/\"},{\"@type\":\"ListItem\",\"position\":2,\"name\":\"R\u00e1iteas Pr\u00edobh\u00e1ideachais\"}]},{\"@type\":\"WebSite\",\"@id\":\"https:\\\/\\\/www.myplan.ie\\\/#website\",\"url\":\"https:\\\/\\\/www.myplan.ie\\\/\",\"name\":\"My Plan\",\"description\":\"\",\"publisher\":{\"@id\":\"https:\\\/\\\/www.myplan.ie\\\/#organization\"},\"potentialAction\":[{\"@type\":\"SearchAction\",\"target\":{\"@type\":\"EntryPoint\",\"urlTemplate\":\"https:\\\/\\\/www.myplan.ie\\\/?s={search_term_string}\"},\"query-input\":{\"@type\":\"PropertyValueSpecification\",\"valueRequired\":true,\"valueName\":\"search_term_string\"}}],\"inLanguage\":\"ga-IE\"},{\"@type\":\"Organization\",\"@id\":\"https:\\\/\\\/www.myplan.ie\\\/#organization\",\"name\":\"My Plan\",\"url\":\"https:\\\/\\\/www.myplan.ie\\\/\",\"logo\":{\"@type\":\"ImageObject\",\"inLanguage\":\"ga-IE\",\"@id\":\"https:\\\/\\\/www.myplan.ie\\\/#\\\/schema\\\/logo\\\/image\\\/\",\"url\":\"https:\\\/\\\/myplan-cdn-prod.s3.eu-west-1.amazonaws.com\\\/wp-content\\\/uploads\\\/2024\\\/12\\\/08154833\\\/cropped-Myplan-Logo-black-text-2.png\",\"contentUrl\":\"https:\\\/\\\/myplan-cdn-prod.s3.eu-west-1.amazonaws.com\\\/wp-content\\\/uploads\\\/2024\\\/12\\\/08154833\\\/cropped-Myplan-Logo-black-text-2.png\",\"width\":948,\"height\":337,\"caption\":\"My Plan\"},\"image\":{\"@id\":\"https:\\\/\\\/www.myplan.ie\\\/#\\\/schema\\\/logo\\\/image\\\/\"}}]}<\/script>\n<!-- \/ Yoast SEO plugin. -->","yoast_head_json":{"title":"R\u00e1iteas Pr\u00edobh\u00e1ideachais - My Plan","robots":{"index":"index","follow":"follow","max-snippet":"max-snippet:-1","max-image-preview":"max-image-preview:large","max-video-preview":"max-video-preview:-1"},"canonical":"https:\/\/www.myplan.ie\/ga\/beartas-priobhaideachta\/","twitter_misc":{"Est. reading time":"4 minutes"},"schema":{"@context":"https:\/\/schema.org","@graph":[{"@type":"WebPage","@id":"https:\/\/www.myplan.ie\/ga\/beartas-priobhaideachta\/","url":"https:\/\/www.myplan.ie\/ga\/beartas-priobhaideachta\/","name":"R\u00e1iteas Pr\u00edobh\u00e1ideachais - My Plan","isPartOf":{"@id":"https:\/\/www.myplan.ie\/#website"},"datePublished":"2019-01-03T11:38:28+00:00","dateModified":"2022-04-29T08:47:00+00:00","breadcrumb":{"@id":"https:\/\/www.myplan.ie\/ga\/beartas-priobhaideachta\/#breadcrumb"},"inLanguage":"ga-IE","potentialAction":[{"@type":"ReadAction","target":["https:\/\/www.myplan.ie\/ga\/beartas-priobhaideachta\/"]}]},{"@type":"BreadcrumbList","@id":"https:\/\/www.myplan.ie\/ga\/beartas-priobhaideachta\/#breadcrumb","itemListElement":[{"@type":"ListItem","position":1,"name":"Home","item":"https:\/\/www.myplan.ie\/ga\/"},{"@type":"ListItem","position":2,"name":"R\u00e1iteas Pr\u00edobh\u00e1ideachais"}]},{"@type":"WebSite","@id":"https:\/\/www.myplan.ie\/#website","url":"https:\/\/www.myplan.ie\/","name":"My Plan","description":"","publisher":{"@id":"https:\/\/www.myplan.ie\/#organization"},"potentialAction":[{"@type":"SearchAction","target":{"@type":"EntryPoint","urlTemplate":"https:\/\/www.myplan.ie\/?s={search_term_string}"},"query-input":{"@type":"PropertyValueSpecification","valueRequired":true,"valueName":"search_term_string"}}],"inLanguage":"ga-IE"},{"@type":"Organization","@id":"https:\/\/www.myplan.ie\/#organization","name":"My Plan","url":"https:\/\/www.myplan.ie\/","logo":{"@type":"ImageObject","inLanguage":"ga-IE","@id":"https:\/\/www.myplan.ie\/#\/schema\/logo\/image\/","url":"https:\/\/myplan-cdn-prod.s3.eu-west-1.amazonaws.com\/wp-content\/uploads\/2024\/12\/08154833\/cropped-Myplan-Logo-black-text-2.png","contentUrl":"https:\/\/myplan-cdn-prod.s3.eu-west-1.amazonaws.com\/wp-content\/uploads\/2024\/12\/08154833\/cropped-Myplan-Logo-black-text-2.png","width":948,"height":337,"caption":"My Plan"},"image":{"@id":"https:\/\/www.myplan.ie\/#\/schema\/logo\/image\/"}}]}},"_links":{"self":[{"href":"https:\/\/www.myplan.ie\/ga\/wp-json\/wp\/v2\/pages\/563","targetHints":{"allow":["GET"]}}],"collection":[{"href":"https:\/\/www.myplan.ie\/ga\/wp-json\/wp\/v2\/pages"}],"about":[{"href":"https:\/\/www.myplan.ie\/ga\/wp-json\/wp\/v2\/types\/page"}],"author":[{"embeddable":true,"href":"https:\/\/www.myplan.ie\/ga\/wp-json\/wp\/v2\/users\/7"}],"replies":[{"embeddable":true,"href":"https:\/\/www.myplan.ie\/ga\/wp-json\/wp\/v2\/comments?post=563"}],"version-history":[{"count":7,"href":"https:\/\/www.myplan.ie\/ga\/wp-json\/wp\/v2\/pages\/563\/revisions"}],"predecessor-version":[{"id":1666,"href":"https:\/\/www.myplan.ie\/ga\/wp-json\/wp\/v2\/pages\/563\/revisions\/1666"}],"wp:attachment":[{"href":"https:\/\/www.myplan.ie\/ga\/wp-json\/wp\/v2\/media?parent=563"}],"curies":[{"name":"wp","href":"https:\/\/api.w.org\/{rel}","templated":true}]}}